{"id":601,"date":"2023-07-05T16:44:24","date_gmt":"2023-07-05T14:44:24","guid":{"rendered":"https:\/\/www.balcaarquitectes.com\/project\/110-viviendas-de-proteccion-oficial-de-alquiler-y-aparcamiento-en-calafell\/"},"modified":"2024-07-25T13:46:59","modified_gmt":"2024-07-25T11:46:59","slug":"110-viviendas-de-proteccion-oficial-de-alquiler-y-aparcamiento-en-calafell","status":"publish","type":"project","link":"https:\/\/www.balcaarquitectes.com\/es\/project\/110-viviendas-de-proteccion-oficial-de-alquiler-y-aparcamiento-en-calafell\/","title":{"rendered":"110 HPO Cam\u00ed de Mar"},"content":{"rendered":"<p>[et_pb_section fb_built=\u00bb1&#8243; admin_label=\u00bbT\u00edtol projecte\u00bb _builder_version=\u00bb4.23.4&#8243; _module_preset=\u00bbdefault\u00bb custom_margin=\u00bb170px||0px||false|false\u00bb custom_padding=\u00bb0px||0px||true|false\u00bb global_colors_info=\u00bb{}\u00bb][et_pb_row _builder_version=\u00bb4.23.4&#8243; _module_preset=\u00bbdefault\u00bb global_colors_info=\u00bb{}\u00bb][et_pb_column type=\u00bb4_4&#8243; _builder_version=\u00bb4.23.4&#8243; _module_preset=\u00bbdefault\u00bb global_colors_info=\u00bb{}\u00bb][et_pb_text admin_label=\u00bbT\u00edtol\u00bb _builder_version=\u00bb4.23.4&#8243; _module_preset=\u00bbdefault\u00bb header_font=\u00bb|300|||||||\u00bb global_colors_info=\u00bb{}\u00bb]<\/p>\n<h1 style=\"text-align: center;\">110 HPO Cam\u00ed de Mar<\/h1>\n<p>[\/et_pb_text][et_pb_text admin_label=\u00bbUbicaci\u00f3\u00bb _builder_version=\u00bb4.23.4&#8243; _module_preset=\u00bbdefault\u00bb header_font=\u00bb|300|||||||\u00bb header_3_font=\u00bb|300||on|||||\u00bb header_3_font_size=\u00bb17px\u00bb custom_margin=\u00bb10px||10px||true|false\u00bb global_colors_info=\u00bb{}\u00bb]<\/p>\n<h3 style=\"text-align: center;\">Calafell 2022<\/h3>\n<p>[\/et_pb_text][\/et_pb_column][\/et_pb_row][\/et_pb_section][et_pb_section fb_built=\u00bb1&#8243; admin_label=\u00bb1Section\u00bb _builder_version=\u00bb4.23.4&#8243; custom_margin=\u00bb0px||0px||true|false\u00bb custom_padding=\u00bb0px||0px||true|false\u00bb global_colors_info=\u00bb{}\u00bb][et_pb_row make_equal=\u00bbon\u00bb _builder_version=\u00bb4.23.4&#8243; background_size=\u00bbinitial\u00bb background_position=\u00bbtop_left\u00bb background_repeat=\u00bbrepeat\u00bb width=\u00bb900px\u00bb width_tablet=\u00bb900px\u00bb width_phone=\u00bb100%\u00bb width_last_edited=\u00bbon|phone\u00bb max_width=\u00bb900px\u00bb max_width_tablet=\u00bb900px\u00bb max_width_phone=\u00bb100%\u00bb max_width_last_edited=\u00bbon|phone\u00bb module_alignment=\u00bbcenter\u00bb height=\u00bb900px\u00bb height_tablet=\u00bb900px\u00bb height_phone=\u00bb\u00bb height_last_edited=\u00bbon|phone\u00bb max_height=\u00bb900px\u00bb max_height_tablet=\u00bb900px\u00bb max_height_phone=\u00bb\u00bb max_height_last_edited=\u00bbon|phone\u00bb hover_enabled=\u00bb0&#8243; global_colors_info=\u00bb{}\u00bb sticky_enabled=\u00bb0&#8243;][et_pb_column type=\u00bb4_4&#8243; _builder_version=\u00bb4.23.4&#8243; _module_preset=\u00bbdefault\u00bb custom_css_main_element=\u00bbdisplay:flex;||flex-wrap:wrap;||align-content:center !important;\u00bb global_colors_info=\u00bb{}\u00bb][et_pb_image src=\u00bbhttps:\/\/www.balcaarquitectes.com\/wp-content\/uploads\/2023\/06\/01-RENDER_CALAFELL-scaled.jpg\u00bb alt=\u00bbahorro energ\u00e9tico\u00bb title_text=\u00bb01-RENDER_CALAFELL\u00bb align=\u00bbcenter\u00bb _builder_version=\u00bb4.23.4&#8243; _module_preset=\u00bbdefault\u00bb position_origin_a=\u00bbtop_center\u00bb position_origin_f=\u00bbcenter_center\u00bb width=\u00bb100%\u00bb max_width=\u00bb100%\u00bb module_alignment=\u00bbcenter\u00bb max_height=\u00bb900px\u00bb max_height_tablet=\u00bb900px\u00bb max_height_phone=\u00bb900px\u00bb max_height_last_edited=\u00bbon|phone\u00bb global_colors_info=\u00bb{}\u00bb][\/et_pb_image][\/et_pb_column][\/et_pb_row][\/et_pb_section][et_pb_section fb_built=\u00bb1&#8243; admin_label=\u00bb3C Franja 2 Imatges CENTRADES\u00bb _builder_version=\u00bb4.23.4&#8243; custom_margin=\u00bb0px||0px||false|false\u00bb custom_padding=\u00bb0px||0px||true|false\u00bb global_colors_info=\u00bb{}\u00bb][et_pb_row column_structure=\u00bb1_2,1_2&#8243; use_custom_gutter=\u00bbon\u00bb gutter_width=\u00bb3&#8243; make_equal=\u00bbon\u00bb _builder_version=\u00bb4.23.4&#8243; background_size=\u00bbinitial\u00bb background_position=\u00bbtop_left\u00bb background_repeat=\u00bbrepeat\u00bb width=\u00bb1400px\u00bb width_tablet=\u00bb1400px\u00bb width_phone=\u00bb100%\u00bb width_last_edited=\u00bbon|phone\u00bb max_width=\u00bb1400px\u00bb max_width_tablet=\u00bb1400px\u00bb max_width_phone=\u00bb100%\u00bb max_width_last_edited=\u00bbon|phone\u00bb module_alignment=\u00bbcenter\u00bb height=\u00bb700px\u00bb height_tablet=\u00bb700px\u00bb height_phone=\u00bb\u00bb height_last_edited=\u00bbon|phone\u00bb max_height=\u00bb700px\u00bb max_height_tablet=\u00bb700px\u00bb max_height_phone=\u00bb\u00bb max_height_last_edited=\u00bbon|phone\u00bb hover_enabled=\u00bb0&#8243; global_colors_info=\u00bb{}\u00bb sticky_enabled=\u00bb0&#8243;][et_pb_column type=\u00bb1_2&#8243; _builder_version=\u00bb4.23.4&#8243; _module_preset=\u00bbdefault\u00bb custom_css_main_element=\u00bbdisplay:flex;||flex-wrap:wrap;||align-content:center !important;\u00bb global_colors_info=\u00bb{}\u00bb][et_pb_image src=\u00bbhttps:\/\/www.balcaarquitectes.com\/wp-content\/uploads\/2024\/02\/calafell3.jpg\u00bb alt=\u00bburbanizaci\u00f3n exterior\u00bb title_text=\u00bbcalafell3&#8243; align=\u00bbcenter\u00bb _builder_version=\u00bb4.23.4&#8243; _module_preset=\u00bbdefault\u00bb position_origin_a=\u00bbtop_center\u00bb position_origin_f=\u00bbcenter_center\u00bb width=\u00bb100%\u00bb max_width=\u00bb100%\u00bb module_alignment=\u00bbcenter\u00bb max_height=\u00bb700px\u00bb global_colors_info=\u00bb{}\u00bb][\/et_pb_image][\/et_pb_column][et_pb_column type=\u00bb1_2&#8243; _builder_version=\u00bb4.23.4&#8243; _module_preset=\u00bbdefault\u00bb custom_css_main_element=\u00bbdisplay:flex;||flex-wrap:wrap;||align-content:center !important;\u00bb global_colors_info=\u00bb{}\u00bb][et_pb_image src=\u00bbhttps:\/\/www.balcaarquitectes.com\/wp-content\/uploads\/2024\/02\/calafell4-scaled.jpg\u00bb alt=\u00bburbanizaci\u00f3n exterior\u00bb title_text=\u00bbcalafell4&#8243; align=\u00bbcenter\u00bb _builder_version=\u00bb4.23.4&#8243; _module_preset=\u00bbdefault\u00bb position_origin_a=\u00bbtop_center\u00bb position_origin_f=\u00bbcenter_center\u00bb width=\u00bb100%\u00bb max_width=\u00bb100%\u00bb module_alignment=\u00bbcenter\u00bb max_height=\u00bb700px\u00bb global_colors_info=\u00bb{}\u00bb][\/et_pb_image][\/et_pb_column][\/et_pb_row][\/et_pb_section][et_pb_section fb_built=\u00bb1&#8243; admin_label=\u00bbINFO PROJECTE\u00bb _builder_version=\u00bb4.23.4&#8243; custom_padding=\u00bb60px||60px||true|false\u00bb collapsed=\u00bbon\u00bb global_colors_info=\u00bb{}\u00bb][et_pb_row _builder_version=\u00bb4.23.4&#8243; background_size=\u00bbinitial\u00bb background_position=\u00bbtop_left\u00bb background_repeat=\u00bbrepeat\u00bb width=\u00bb60%\u00bb width_tablet=\u00bb60%\u00bb width_phone=\u00bb80%\u00bb width_last_edited=\u00bbon|phone\u00bb module_alignment=\u00bbcenter\u00bb global_colors_info=\u00bb{}\u00bb][et_pb_column type=\u00bb4_4&#8243; _builder_version=\u00bb4.16&#8243; custom_padding=\u00bb|||\u00bb global_colors_info=\u00bb{}\u00bb custom_padding__hover=\u00bb|||\u00bb][et_pb_text _builder_version=\u00bb4.23.4&#8243; text_font=\u00bb||||||||\u00bb text_text_color=\u00bb#000000&#8243; text_font_size=\u00bb16px\u00bb text_line_height=\u00bb1.4em\u00bb background_size=\u00bbinitial\u00bb background_position=\u00bbtop_left\u00bb background_repeat=\u00bbrepeat\u00bb text_orientation=\u00bbcenter\u00bb custom_margin=\u00bb||100px||false|false\u00bb global_colors_info=\u00bb{}\u00bb]<\/p>\n<p>PERMEABILIDAD URBANA<br \/>La propuesta se configura como un anillo permeable, fragmentado en diversos<br \/>vol\u00famenes que se adaptan a las diferentes orientaciones y que permiten generar nuevos recorridos urbanos.<br \/>El conjunto<br \/>se organiza en cuatro vol\u00famenes diferenciados, generando una fachada exterior que sigue el anillo y creando unos pasos<br \/>intersticiales que mejoran las condiciones urban\u00edsticas y energ\u00e9ticas del conjunto.<br \/>De esta manera, el espacio urbano que rodea el anillo puede pasar a trav\u00e9s de \u00e9l, incorporando toda una serie de nuevos<br \/>recorridos peatonales y estructurando un nuevo tejido de verde urbano en el interior de la parcela.<br \/>La fragmentaci\u00f3n del anillo permite disponer de dos vol\u00famenes situados en las bandas este-oeste y dos vol\u00famenes situados en las<br \/>bandas norte-sur, reconociendo diferentes tipolog\u00edas edificatorias seg\u00fan la orientaci\u00f3n.<\/p>\n<p>&nbsp;<\/p>\n<p>ESPACIO INTERIOR COMUNITARIO DE RELACI\u00d3N VECINAL<br \/>El espacio interior comunitario se convierte en un espacio ajardinado que conecta los accesos a los diferentes vol\u00famenes<br \/>de viviendas, generando un espacio de encuentro y relaci\u00f3n vecinal. Se quiere dignificar la dimensi\u00f3n p\u00fablica y la calidad de los espacios<br \/>comunitarios y distribuidores de los edificios.<br \/>Los pasos intersticiales entre los vol\u00famenes permiten conectar el espacio interior comunitario con el entorno pr\u00f3ximo, relacion\u00e1ndose<br \/>a trav\u00e9s de nuevos recorridos peatonales que atraviesan la parcela.<br \/>Los vest\u00edbulos de acceso a las viviendas en planta baja se abren al espacio interior ajardinado generando este espacio de<br \/>encuentro y relaci\u00f3n vecinal.<\/p>\n<p>&nbsp;<\/p>\n<p>RACIONALIDAD CONSTRUCTIVA: ORDEN, MODULACI\u00d3N Y VERSATILIDAD ESTRUCTURAL<br \/>Se estructura toda la propuesta a partir de una ret\u00edcula de 3,20&#215;3,20m que la ordena y da uniformidad a la diversidad<br \/>tipol\u00f3gica; pauta la estructura, la posici\u00f3n y dimensi\u00f3n de los n\u00facleos h\u00famedos, la proporci\u00f3n de las tipolog\u00edas y la modulaci\u00f3n de la<br \/>fachada.<br \/>La modulaci\u00f3n de la estructura y la fachada permite simplificar los sistemas constructivos y el trazado de las instalaciones,<br \/>consiguiendo una soluci\u00f3n eficiente, econ\u00f3mica y duradera. As\u00ed, permite una seriaci\u00f3n que posibilita emplear<br \/>sistemas constructivos industrializados y en seco, lo que redunda en un ahorro de tiempo y costos, y reduciendo la<br \/>huella ecol\u00f3gica.<\/p>\n<p>[\/et_pb_text][et_pb_text _builder_version=\u00bb4.23.4&#8243; text_font=\u00bb||||||||\u00bb text_text_color=\u00bb#000000&#8243; text_font_size=\u00bb16px\u00bb text_line_height=\u00bb1.4em\u00bb background_size=\u00bbinitial\u00bb background_position=\u00bbtop_left\u00bb background_repeat=\u00bbrepeat\u00bb text_orientation=\u00bbcenter\u00bb global_colors_info=\u00bb{}\u00bb]<\/p>\n<p>PREMIOS<br \/>Segundo Premio Concurso P\u00fablico del Ayuntamiento de Calafell<\/p>\n<p>LOCALIZACI\u00d3N<br \/>Carrer Priorat | Carrer Jaume Pallar\u00e9s 3<br \/>Calafell. Baix Pened\u00e8s. Tarragona.<\/p>\n<p>FECHAS<br \/>2022 Segundo Premio Concurso P\u00fablico<\/p>\n<p>[\/et_pb_text][\/et_pb_column][\/et_pb_row][\/et_pb_section]<\/p>\n","protected":false},"excerpt":{"rendered":"<p>110 HPO Cam\u00ed de MarCalafell 2022PERMEABILIDAD URBANALa propuesta se configura como un anillo permeable, fragmentado en diversosvol\u00famenes que se adaptan a las diferentes orientaciones y que permiten generar nuevos recorridos urbanos.El conjuntose organiza en cuatro vol\u00famenes diferenciados, generando una fachada exterior que sigue el anillo y creando unos pasosintersticiales que mejoran las condiciones urban\u00edsticas y [&hellip;]<\/p>\n","protected":false},"author":1,"featured_media":484,"comment_status":"closed","ping_status":"closed","template":"","meta":{"_acf_changed":false,"_et_pb_use_builder":"on","_et_pb_old_content":"","_et_gb_content_width":"","inline_featured_image":false,"footnotes":""},"project_category":[16],"project_tag":[],"class_list":["post-601","project","type-project","status-publish","has-post-thumbnail","hentry","project_category-arquitectura-es"],"acf":[],"yoast_head":"<!-- This site is optimized with the Yoast SEO plugin v27.5 - https:\/\/yoast.com\/product\/yoast-seo-wordpress\/ -->\n<title>Ahorro Energ\u00e9tico - Apartamentos en Calafell<\/title>\n<meta name=\"description\" content=\"Descubre los beneficios del ahorro energ\u00e9tico en su construcci\u00f3n. Reduce el consumo y cuida el medio ambiente con las mejores soluciones sostenibles.\" \/>\n<meta name=\"robots\" content=\"index, follow, max-snippet:-1, max-image-preview:large, max-video-preview:-1\" \/>\n<link rel=\"canonical\" href=\"https:\/\/www.balcaarquitectes.com\/es\/project\/110-viviendas-de-proteccion-oficial-de-alquiler-y-aparcamiento-en-calafell\/\" \/>\n<meta property=\"og:locale\" content=\"es_ES\" \/>\n<meta property=\"og:type\" content=\"article\" \/>\n<meta property=\"og:title\" content=\"Ahorro Energ\u00e9tico - Apartamentos en Calafell\" \/>\n<meta property=\"og:description\" content=\"Descubre los beneficios del ahorro energ\u00e9tico en su construcci\u00f3n. Reduce el consumo y cuida el medio ambiente con las mejores soluciones sostenibles.\" \/>\n<meta property=\"og:url\" content=\"https:\/\/www.balcaarquitectes.com\/es\/project\/110-viviendas-de-proteccion-oficial-de-alquiler-y-aparcamiento-en-calafell\/\" \/>\n<meta property=\"og:site_name\" content=\"BALCA Arquitectes\" \/>\n<meta property=\"article:modified_time\" content=\"2024-07-25T11:46:59+00:00\" \/>\n<meta property=\"og:image\" content=\"https:\/\/www.balcaarquitectes.com\/wp-content\/uploads\/2023\/06\/01-RENDER_CALAFELL-scaled.jpg\" \/>\n\t<meta property=\"og:image:width\" content=\"2560\" \/>\n\t<meta property=\"og:image:height\" content=\"1374\" \/>\n\t<meta property=\"og:image:type\" content=\"image\/jpeg\" \/>\n<meta name=\"twitter:card\" content=\"summary_large_image\" \/>\n<meta name=\"twitter:label1\" content=\"Tiempo de lectura\" \/>\n\t<meta name=\"twitter:data1\" content=\"6 minutos\" \/>\n<script type=\"application\/ld+json\" class=\"yoast-schema-graph\">{\"@context\":\"https:\\\/\\\/schema.org\",\"@graph\":[{\"@type\":\"WebPage\",\"@id\":\"https:\\\/\\\/www.balcaarquitectes.com\\\/es\\\/project\\\/110-viviendas-de-proteccion-oficial-de-alquiler-y-aparcamiento-en-calafell\\\/\",\"url\":\"https:\\\/\\\/www.balcaarquitectes.com\\\/es\\\/project\\\/110-viviendas-de-proteccion-oficial-de-alquiler-y-aparcamiento-en-calafell\\\/\",\"name\":\"Ahorro Energ\u00e9tico - Apartamentos en Calafell\",\"isPartOf\":{\"@id\":\"https:\\\/\\\/www.balcaarquitectes.com\\\/#website\"},\"primaryImageOfPage\":{\"@id\":\"https:\\\/\\\/www.balcaarquitectes.com\\\/es\\\/project\\\/110-viviendas-de-proteccion-oficial-de-alquiler-y-aparcamiento-en-calafell\\\/#primaryimage\"},\"image\":{\"@id\":\"https:\\\/\\\/www.balcaarquitectes.com\\\/es\\\/project\\\/110-viviendas-de-proteccion-oficial-de-alquiler-y-aparcamiento-en-calafell\\\/#primaryimage\"},\"thumbnailUrl\":\"https:\\\/\\\/www.balcaarquitectes.com\\\/wp-content\\\/uploads\\\/2023\\\/06\\\/01-RENDER_CALAFELL-scaled.jpg\",\"datePublished\":\"2023-07-05T14:44:24+00:00\",\"dateModified\":\"2024-07-25T11:46:59+00:00\",\"description\":\"Descubre los beneficios del ahorro energ\u00e9tico en su construcci\u00f3n. Reduce el consumo y cuida el medio ambiente con las mejores soluciones sostenibles.\",\"breadcrumb\":{\"@id\":\"https:\\\/\\\/www.balcaarquitectes.com\\\/es\\\/project\\\/110-viviendas-de-proteccion-oficial-de-alquiler-y-aparcamiento-en-calafell\\\/#breadcrumb\"},\"inLanguage\":\"es\",\"potentialAction\":[{\"@type\":\"ReadAction\",\"target\":[\"https:\\\/\\\/www.balcaarquitectes.com\\\/es\\\/project\\\/110-viviendas-de-proteccion-oficial-de-alquiler-y-aparcamiento-en-calafell\\\/\"]}]},{\"@type\":\"ImageObject\",\"inLanguage\":\"es\",\"@id\":\"https:\\\/\\\/www.balcaarquitectes.com\\\/es\\\/project\\\/110-viviendas-de-proteccion-oficial-de-alquiler-y-aparcamiento-en-calafell\\\/#primaryimage\",\"url\":\"https:\\\/\\\/www.balcaarquitectes.com\\\/wp-content\\\/uploads\\\/2023\\\/06\\\/01-RENDER_CALAFELL-scaled.jpg\",\"contentUrl\":\"https:\\\/\\\/www.balcaarquitectes.com\\\/wp-content\\\/uploads\\\/2023\\\/06\\\/01-RENDER_CALAFELL-scaled.jpg\",\"width\":2560,\"height\":1374,\"caption\":\"estalvi energ\u00e9tic\"},{\"@type\":\"BreadcrumbList\",\"@id\":\"https:\\\/\\\/www.balcaarquitectes.com\\\/es\\\/project\\\/110-viviendas-de-proteccion-oficial-de-alquiler-y-aparcamiento-en-calafell\\\/#breadcrumb\",\"itemListElement\":[{\"@type\":\"ListItem\",\"position\":1,\"name\":\"Home\",\"item\":\"https:\\\/\\\/www.balcaarquitectes.com\\\/es\\\/proyectos\\\/\"},{\"@type\":\"ListItem\",\"position\":2,\"name\":\"Projects\",\"item\":\"https:\\\/\\\/www.balcaarquitectes.com\\\/project\\\/\"},{\"@type\":\"ListItem\",\"position\":3,\"name\":\"110 HPO Cam\u00ed de Mar\"}]},{\"@type\":\"WebSite\",\"@id\":\"https:\\\/\\\/www.balcaarquitectes.com\\\/#website\",\"url\":\"https:\\\/\\\/www.balcaarquitectes.com\\\/\",\"name\":\"BALCA Arqutectes\",\"description\":\"BALCA Arqutectes\",\"publisher\":{\"@id\":\"https:\\\/\\\/www.balcaarquitectes.com\\\/#organization\"},\"potentialAction\":[{\"@type\":\"SearchAction\",\"target\":{\"@type\":\"EntryPoint\",\"urlTemplate\":\"https:\\\/\\\/www.balcaarquitectes.com\\\/?s={search_term_string}\"},\"query-input\":{\"@type\":\"PropertyValueSpecification\",\"valueRequired\":true,\"valueName\":\"search_term_string\"}}],\"inLanguage\":\"es\"},{\"@type\":\"Organization\",\"@id\":\"https:\\\/\\\/www.balcaarquitectes.com\\\/#organization\",\"name\":\"BALCA Arqutectes\",\"url\":\"https:\\\/\\\/www.balcaarquitectes.com\\\/\",\"logo\":{\"@type\":\"ImageObject\",\"inLanguage\":\"es\",\"@id\":\"https:\\\/\\\/www.balcaarquitectes.com\\\/#\\\/schema\\\/logo\\\/image\\\/\",\"url\":\"https:\\\/\\\/www.balcaarquitectes.com\\\/wp-content\\\/uploads\\\/2023\\\/06\\\/logo-balca.svg\",\"contentUrl\":\"https:\\\/\\\/www.balcaarquitectes.com\\\/wp-content\\\/uploads\\\/2023\\\/06\\\/logo-balca.svg\",\"width\":184,\"height\":45,\"caption\":\"BALCA Arqutectes\"},\"image\":{\"@id\":\"https:\\\/\\\/www.balcaarquitectes.com\\\/#\\\/schema\\\/logo\\\/image\\\/\"},\"sameAs\":[\"https:\\\/\\\/www.instagram.com\\\/balcaarquitectes\\\/\"]}]}<\/script>\n<!-- \/ Yoast SEO plugin. -->","yoast_head_json":{"title":"Ahorro Energ\u00e9tico - Apartamentos en Calafell","description":"Descubre los beneficios del ahorro energ\u00e9tico en su construcci\u00f3n. Reduce el consumo y cuida el medio ambiente con las mejores soluciones sostenibles.","robots":{"index":"index","follow":"follow","max-snippet":"max-snippet:-1","max-image-preview":"max-image-preview:large","max-video-preview":"max-video-preview:-1"},"canonical":"https:\/\/www.balcaarquitectes.com\/es\/project\/110-viviendas-de-proteccion-oficial-de-alquiler-y-aparcamiento-en-calafell\/","og_locale":"es_ES","og_type":"article","og_title":"Ahorro Energ\u00e9tico - Apartamentos en Calafell","og_description":"Descubre los beneficios del ahorro energ\u00e9tico en su construcci\u00f3n. Reduce el consumo y cuida el medio ambiente con las mejores soluciones sostenibles.","og_url":"https:\/\/www.balcaarquitectes.com\/es\/project\/110-viviendas-de-proteccion-oficial-de-alquiler-y-aparcamiento-en-calafell\/","og_site_name":"BALCA Arquitectes","article_modified_time":"2024-07-25T11:46:59+00:00","og_image":[{"width":2560,"height":1374,"url":"https:\/\/www.balcaarquitectes.com\/wp-content\/uploads\/2023\/06\/01-RENDER_CALAFELL-scaled.jpg","type":"image\/jpeg"}],"twitter_card":"summary_large_image","twitter_misc":{"Tiempo de lectura":"6 minutos"},"schema":{"@context":"https:\/\/schema.org","@graph":[{"@type":"WebPage","@id":"https:\/\/www.balcaarquitectes.com\/es\/project\/110-viviendas-de-proteccion-oficial-de-alquiler-y-aparcamiento-en-calafell\/","url":"https:\/\/www.balcaarquitectes.com\/es\/project\/110-viviendas-de-proteccion-oficial-de-alquiler-y-aparcamiento-en-calafell\/","name":"Ahorro Energ\u00e9tico - Apartamentos en Calafell","isPartOf":{"@id":"https:\/\/www.balcaarquitectes.com\/#website"},"primaryImageOfPage":{"@id":"https:\/\/www.balcaarquitectes.com\/es\/project\/110-viviendas-de-proteccion-oficial-de-alquiler-y-aparcamiento-en-calafell\/#primaryimage"},"image":{"@id":"https:\/\/www.balcaarquitectes.com\/es\/project\/110-viviendas-de-proteccion-oficial-de-alquiler-y-aparcamiento-en-calafell\/#primaryimage"},"thumbnailUrl":"https:\/\/www.balcaarquitectes.com\/wp-content\/uploads\/2023\/06\/01-RENDER_CALAFELL-scaled.jpg","datePublished":"2023-07-05T14:44:24+00:00","dateModified":"2024-07-25T11:46:59+00:00","description":"Descubre los beneficios del ahorro energ\u00e9tico en su construcci\u00f3n. Reduce el consumo y cuida el medio ambiente con las mejores soluciones sostenibles.","breadcrumb":{"@id":"https:\/\/www.balcaarquitectes.com\/es\/project\/110-viviendas-de-proteccion-oficial-de-alquiler-y-aparcamiento-en-calafell\/#breadcrumb"},"inLanguage":"es","potentialAction":[{"@type":"ReadAction","target":["https:\/\/www.balcaarquitectes.com\/es\/project\/110-viviendas-de-proteccion-oficial-de-alquiler-y-aparcamiento-en-calafell\/"]}]},{"@type":"ImageObject","inLanguage":"es","@id":"https:\/\/www.balcaarquitectes.com\/es\/project\/110-viviendas-de-proteccion-oficial-de-alquiler-y-aparcamiento-en-calafell\/#primaryimage","url":"https:\/\/www.balcaarquitectes.com\/wp-content\/uploads\/2023\/06\/01-RENDER_CALAFELL-scaled.jpg","contentUrl":"https:\/\/www.balcaarquitectes.com\/wp-content\/uploads\/2023\/06\/01-RENDER_CALAFELL-scaled.jpg","width":2560,"height":1374,"caption":"estalvi energ\u00e9tic"},{"@type":"BreadcrumbList","@id":"https:\/\/www.balcaarquitectes.com\/es\/project\/110-viviendas-de-proteccion-oficial-de-alquiler-y-aparcamiento-en-calafell\/#breadcrumb","itemListElement":[{"@type":"ListItem","position":1,"name":"Home","item":"https:\/\/www.balcaarquitectes.com\/es\/proyectos\/"},{"@type":"ListItem","position":2,"name":"Projects","item":"https:\/\/www.balcaarquitectes.com\/project\/"},{"@type":"ListItem","position":3,"name":"110 HPO Cam\u00ed de Mar"}]},{"@type":"WebSite","@id":"https:\/\/www.balcaarquitectes.com\/#website","url":"https:\/\/www.balcaarquitectes.com\/","name":"BALCA Arqutectes","description":"BALCA Arqutectes","publisher":{"@id":"https:\/\/www.balcaarquitectes.com\/#organization"},"potentialAction":[{"@type":"SearchAction","target":{"@type":"EntryPoint","urlTemplate":"https:\/\/www.balcaarquitectes.com\/?s={search_term_string}"},"query-input":{"@type":"PropertyValueSpecification","valueRequired":true,"valueName":"search_term_string"}}],"inLanguage":"es"},{"@type":"Organization","@id":"https:\/\/www.balcaarquitectes.com\/#organization","name":"BALCA Arqutectes","url":"https:\/\/www.balcaarquitectes.com\/","logo":{"@type":"ImageObject","inLanguage":"es","@id":"https:\/\/www.balcaarquitectes.com\/#\/schema\/logo\/image\/","url":"https:\/\/www.balcaarquitectes.com\/wp-content\/uploads\/2023\/06\/logo-balca.svg","contentUrl":"https:\/\/www.balcaarquitectes.com\/wp-content\/uploads\/2023\/06\/logo-balca.svg","width":184,"height":45,"caption":"BALCA Arqutectes"},"image":{"@id":"https:\/\/www.balcaarquitectes.com\/#\/schema\/logo\/image\/"},"sameAs":["https:\/\/www.instagram.com\/balcaarquitectes\/"]}]}},"_links":{"self":[{"href":"https:\/\/www.balcaarquitectes.com\/es\/wp-json\/wp\/v2\/project\/601","targetHints":{"allow":["GET"]}}],"collection":[{"href":"https:\/\/www.balcaarquitectes.com\/es\/wp-json\/wp\/v2\/project"}],"about":[{"href":"https:\/\/www.balcaarquitectes.com\/es\/wp-json\/wp\/v2\/types\/project"}],"author":[{"embeddable":true,"href":"https:\/\/www.balcaarquitectes.com\/es\/wp-json\/wp\/v2\/users\/1"}],"replies":[{"embeddable":true,"href":"https:\/\/www.balcaarquitectes.com\/es\/wp-json\/wp\/v2\/comments?post=601"}],"version-history":[{"count":9,"href":"https:\/\/www.balcaarquitectes.com\/es\/wp-json\/wp\/v2\/project\/601\/revisions"}],"predecessor-version":[{"id":1524,"href":"https:\/\/www.balcaarquitectes.com\/es\/wp-json\/wp\/v2\/project\/601\/revisions\/1524"}],"wp:featuredmedia":[{"embeddable":true,"href":"https:\/\/www.balcaarquitectes.com\/es\/wp-json\/wp\/v2\/media\/484"}],"wp:attachment":[{"href":"https:\/\/www.balcaarquitectes.com\/es\/wp-json\/wp\/v2\/media?parent=601"}],"wp:term":[{"taxonomy":"project_category","embeddable":true,"href":"https:\/\/www.balcaarquitectes.com\/es\/wp-json\/wp\/v2\/project_category?post=601"},{"taxonomy":"project_tag","embeddable":true,"href":"https:\/\/www.balcaarquitectes.com\/es\/wp-json\/wp\/v2\/project_tag?post=601"}],"curies":[{"name":"wp","href":"https:\/\/api.w.org\/{rel}","templated":true}]}}