{"id":600,"date":"2023-07-05T16:41:45","date_gmt":"2023-07-05T14:41:45","guid":{"rendered":"https:\/\/www.balcaarquitectes.com\/project\/edificio-joven-foro-de-sant-esteve-sesrovires\/"},"modified":"2024-07-25T13:42:53","modified_gmt":"2024-07-25T11:42:53","slug":"edificio-joven-foro-de-sant-esteve-sesrovires","status":"publish","type":"project","link":"https:\/\/www.balcaarquitectes.com\/es\/project\/edificio-joven-foro-de-sant-esteve-sesrovires\/","title":{"rendered":"Joven F\u00f3rum epiCENTREverd"},"content":{"rendered":"<p>[et_pb_section fb_built=\u00bb1&#8243; admin_label=\u00bbT\u00edtol projecte\u00bb _builder_version=\u00bb4.23.4&#8243; _module_preset=\u00bbdefault\u00bb custom_margin=\u00bb170px||0px||false|false\u00bb custom_padding=\u00bb0px||0px||true|false\u00bb global_colors_info=\u00bb{}\u00bb][et_pb_row _builder_version=\u00bb4.23.4&#8243; _module_preset=\u00bbdefault\u00bb global_colors_info=\u00bb{}\u00bb][et_pb_column type=\u00bb4_4&#8243; _builder_version=\u00bb4.23.4&#8243; _module_preset=\u00bbdefault\u00bb global_colors_info=\u00bb{}\u00bb][et_pb_text admin_label=\u00bbT\u00edtol\u00bb _builder_version=\u00bb4.23.4&#8243; _module_preset=\u00bbdefault\u00bb header_font=\u00bb|300|||||||\u00bb global_colors_info=\u00bb{}\u00bb]<\/p>\n<h1 style=\"text-align: center;\">Joven F\u00f3rum epiCENTREverd<\/h1>\n<p>[\/et_pb_text][et_pb_text admin_label=\u00bbUbicaci\u00f3\u00bb _builder_version=\u00bb4.23.4&#8243; _module_preset=\u00bbdefault\u00bb header_font=\u00bb|300|||||||\u00bb header_3_font=\u00bb|300||on|||||\u00bb header_3_font_size=\u00bb17px\u00bb custom_margin=\u00bb10px||10px||true|false\u00bb global_colors_info=\u00bb{}\u00bb]<\/p>\n<h3 style=\"text-align: center;\">Sant Esteve Sesrovires 2022<\/h3>\n<p>[\/et_pb_text][\/et_pb_column][\/et_pb_row][\/et_pb_section][et_pb_section fb_built=\u00bb1&#8243; admin_label=\u00bb1Section\u00bb _builder_version=\u00bb4.23.4&#8243; custom_margin=\u00bb0px||0px||true|false\u00bb custom_padding=\u00bb0px||0px||true|false\u00bb global_colors_info=\u00bb{}\u00bb][et_pb_row make_equal=\u00bbon\u00bb _builder_version=\u00bb4.23.4&#8243; background_size=\u00bbinitial\u00bb background_position=\u00bbtop_left\u00bb background_repeat=\u00bbrepeat\u00bb width=\u00bb900px\u00bb width_tablet=\u00bb\u00bb width_phone=\u00bb100%\u00bb width_last_edited=\u00bbon|phone\u00bb max_width=\u00bb900px\u00bb max_width_tablet=\u00bb\u00bb max_width_phone=\u00bb100%\u00bb max_width_last_edited=\u00bbon|phone\u00bb module_alignment=\u00bbcenter\u00bb height=\u00bb900px\u00bb height_tablet=\u00bb\u00bb height_phone=\u00bb\u00bb height_last_edited=\u00bbon|phone\u00bb max_height=\u00bb900px\u00bb max_height_tablet=\u00bb\u00bb max_height_phone=\u00bb\u00bb max_height_last_edited=\u00bbon|phone\u00bb global_colors_info=\u00bb{}\u00bb][et_pb_column type=\u00bb4_4&#8243; _builder_version=\u00bb4.23.4&#8243; _module_preset=\u00bbdefault\u00bb custom_css_main_element=\u00bbdisplay:flex;||flex-wrap:wrap;||align-content:center !important;\u00bb global_colors_info=\u00bb{}\u00bb][et_pb_image src=\u00bbhttps:\/\/www.balcaarquitectes.com\/wp-content\/uploads\/2023\/06\/Vista_EXTERIOR_presentacio-scaled.jpg\u00bb alt=\u00bbedificio sostenible\u00bb title_text=\u00bbVista_EXTERIOR_presentacio\u00bb align=\u00bbcenter\u00bb _builder_version=\u00bb4.23.4&#8243; _module_preset=\u00bbdefault\u00bb position_origin_a=\u00bbtop_center\u00bb position_origin_f=\u00bbcenter_center\u00bb width=\u00bb100%\u00bb max_width=\u00bb100%\u00bb module_alignment=\u00bbcenter\u00bb max_height=\u00bb900px\u00bb max_height_tablet=\u00bb\u00bb max_height_phone=\u00bb\u00bb max_height_last_edited=\u00bbon|phone\u00bb global_colors_info=\u00bb{}\u00bb][\/et_pb_image][\/et_pb_column][\/et_pb_row][\/et_pb_section][et_pb_section fb_built=\u00bb1&#8243; admin_label=\u00bb1Section\u00bb _builder_version=\u00bb4.23.4&#8243; custom_margin=\u00bb0px||0px||true|false\u00bb custom_padding=\u00bb0px||0px||true|false\u00bb global_colors_info=\u00bb{}\u00bb][et_pb_row make_equal=\u00bbon\u00bb _builder_version=\u00bb4.23.4&#8243; background_size=\u00bbinitial\u00bb background_position=\u00bbtop_left\u00bb background_repeat=\u00bbrepeat\u00bb width=\u00bb900px\u00bb width_tablet=\u00bb\u00bb width_phone=\u00bb100%\u00bb width_last_edited=\u00bbon|phone\u00bb max_width=\u00bb900px\u00bb max_width_tablet=\u00bb\u00bb max_width_phone=\u00bb100%\u00bb max_width_last_edited=\u00bbon|phone\u00bb module_alignment=\u00bbcenter\u00bb height=\u00bb900px\u00bb height_tablet=\u00bb\u00bb height_phone=\u00bb\u00bb height_last_edited=\u00bbon|phone\u00bb max_height=\u00bb900px\u00bb max_height_tablet=\u00bb\u00bb max_height_phone=\u00bb\u00bb max_height_last_edited=\u00bbon|phone\u00bb global_colors_info=\u00bb{}\u00bb][et_pb_column type=\u00bb4_4&#8243; _builder_version=\u00bb4.23.4&#8243; _module_preset=\u00bbdefault\u00bb custom_css_main_element=\u00bbdisplay:flex;||flex-wrap:wrap;||align-content:center !important;\u00bb global_colors_info=\u00bb{}\u00bb][et_pb_image src=\u00bbhttps:\/\/www.balcaarquitectes.com\/wp-content\/uploads\/2023\/06\/Vista_INTERIOR_presentacio-scaled.jpg\u00bb alt=\u00bbedificio sostenible\u00bb title_text=\u00bbVista_INTERIOR_presentacio\u00bb align=\u00bbcenter\u00bb _builder_version=\u00bb4.23.4&#8243; _module_preset=\u00bbdefault\u00bb position_origin_a=\u00bbtop_center\u00bb position_origin_f=\u00bbcenter_center\u00bb width=\u00bb100%\u00bb max_width=\u00bb100%\u00bb module_alignment=\u00bbcenter\u00bb max_height=\u00bb900px\u00bb max_height_tablet=\u00bb\u00bb max_height_phone=\u00bb\u00bb max_height_last_edited=\u00bbon|phone\u00bb global_colors_info=\u00bb{}\u00bb][\/et_pb_image][\/et_pb_column][\/et_pb_row][\/et_pb_section][et_pb_section fb_built=\u00bb1&#8243; admin_label=\u00bbINFO PROJECTE\u00bb _builder_version=\u00bb4.23.4&#8243; custom_padding=\u00bb60px||60px||true|false\u00bb collapsed=\u00bbon\u00bb global_colors_info=\u00bb{}\u00bb][et_pb_row _builder_version=\u00bb4.23.4&#8243; background_size=\u00bbinitial\u00bb background_position=\u00bbtop_left\u00bb background_repeat=\u00bbrepeat\u00bb width=\u00bb60%\u00bb width_tablet=\u00bb\u00bb width_phone=\u00bb80%\u00bb width_last_edited=\u00bbon|phone\u00bb module_alignment=\u00bbcenter\u00bb global_colors_info=\u00bb{}\u00bb][et_pb_column type=\u00bb4_4&#8243; _builder_version=\u00bb4.16&#8243; custom_padding=\u00bb|||\u00bb global_colors_info=\u00bb{}\u00bb custom_padding__hover=\u00bb|||\u00bb][et_pb_text _builder_version=\u00bb4.23.4&#8243; text_font=\u00bb||||||||\u00bb text_text_color=\u00bb#000000&#8243; text_font_size=\u00bb16px\u00bb text_line_height=\u00bb1.4em\u00bb background_size=\u00bbinitial\u00bb background_position=\u00bbtop_left\u00bb background_repeat=\u00bbrepeat\u00bb text_orientation=\u00bbcenter\u00bb custom_margin=\u00bb||100px||false|false\u00bb global_colors_info=\u00bb{}\u00bb]<\/p>\n<p>NUEVA PLAZA DE ACCESO AL EQUIPAMIENTO CON EL TRATAMIENTO VEGETAL COMO ELEMENTO SINGULAR<br \/>El tratamiento verde del conjunto se convierte en un elemento singular del equipamiento para convertirse en un referente urbano.<br \/>Los espacios p\u00fablicos exteriores act\u00faan como revitalizadores del entorno y como parte del programa funcional del equipamiento.<br \/>La nueva plaza se vincula con el atrio-vest\u00edbulo intermedio que conjuntamente act\u00faan como punto de encuentro dotando al espacio de<br \/>continuidad urbana y dinamismo.<\/p>\n<p>&nbsp;<\/p>\n<p>EL PAISAJE CONTIN\u00daA A TRAV\u00c9S DEL EDIFICIO Y ACT\u00daA COMO REGULADOR CLIM\u00c1TICO<br \/>La cubierta verde, el espacio verde del antiguo auditorio, la fachada din\u00e1mica del sur y suroeste y el atrio bioclim\u00e1tico de acceso permiten<br \/>regular el factor forma del edificio verano &#8211; invierno y act\u00faan al mismo tiempo como filtro ac\u00fastico, visual y de seguridad creando nuevos espacios<br \/>p\u00fablicos saludables.<\/p>\n<p>&nbsp;<\/p>\n<p>FILTROS BIOCLIM\u00c1TICOS DIN\u00c1MICOS: EL ATRIO-VEST\u00cdBULO INTERMEDIO Y LA PIEL-GALER\u00cdA DIN\u00c1MICA SUR<br \/>El gran vest\u00edbulo se considera un espacio intermedio din\u00e1mico para mejorar las necesidades clim\u00e1ticas del edificio. El atrio permite<br \/>su cierre y su apertura para controlar t\u00e9rmicamente el edificio y controlar la ventilaci\u00f3n convirti\u00e9ndose en un mecanismo de<br \/>control energ\u00e9tico.<\/p>\n<p>&nbsp;<\/p>\n<p>ENVOLVENTE Y MATERIALIDAD. FACHADAS LIGERAS Y MODULADAS<br \/>La soluci\u00f3n constructiva es un sistema de entramado ligero de madera modular en seco muy eficiente tanto desde el punto de vista t\u00e9rmico<br \/>como econ\u00f3mico y de mantenimiento. El uso de un sistema industrializado ligero reduce su impacto ambiental y el tiempo de<br \/>construcci\u00f3n.<\/p>\n<p>&nbsp;<\/p>\n<p>GRAN DISTRIBUIDOR Y ATRIO DE RECEPCI\u00d3N INTERMEDIO<br \/>El gran vest\u00edbulo se configura como la parte esencial y central del edificio. Todas las piezas del programa se abren a este espacio<br \/>intermedio que hace las funciones de distribuci\u00f3n y circulaciones del edificio y al mismo tiempo se convierte en un espacio de encuentro favoreciendo las sinergias<br \/>entre los diferentes usuarios. Distribuye, en horizontal y en vertical a trav\u00e9s de la rampa y la nueva escalera por el lado norte.<br \/>Tambi\u00e9n es un mecanismo de control energ\u00e9tico convirti\u00e9ndose en un espacio intermedio no climatizado activamente que act\u00faa como coj\u00edn<br \/>t\u00e9rmico interior\/exterior facilitando la iluminaci\u00f3n y la ventilaci\u00f3n naturales.<\/p>\n<p>[\/et_pb_text][et_pb_text _builder_version=\u00bb4.23.4&#8243; text_font=\u00bb||||||||\u00bb text_text_color=\u00bb#000000&#8243; text_font_size=\u00bb16px\u00bb text_line_height=\u00bb1.4em\u00bb background_size=\u00bbinitial\u00bb background_position=\u00bbtop_left\u00bb background_repeat=\u00bbrepeat\u00bb text_orientation=\u00bbcenter\u00bb global_colors_info=\u00bb{}\u00bb]<\/p>\n<p>PREMIOS<br \/>Tercer Premio Concurso Diputaci\u00f3n de Barcelona<\/p>\n<p>LOCALIZACI\u00d3N<br \/>Calle Ponent y Paseo de las Oliveras s\/n.<br \/>Sant Esteve Sesrovires. Baix Llobregat. Barcelona.<\/p>\n<p>FECHAS<br \/>2022 Tercer Premio Concurso<\/p>\n<p>[\/et_pb_text][\/et_pb_column][\/et_pb_row][\/et_pb_section]<\/p>\n","protected":false},"excerpt":{"rendered":"<p>Joven F\u00f3rum epiCENTREverdSant Esteve Sesrovires 2022NUEVA PLAZA DE ACCESO AL EQUIPAMIENTO CON EL TRATAMIENTO VEGETAL COMO ELEMENTO SINGULAREl tratamiento verde del conjunto se convierte en un elemento singular del equipamiento para convertirse en un referente urbano.Los espacios p\u00fablicos exteriores act\u00faan como revitalizadores del entorno y como parte del programa funcional del equipamiento.La nueva plaza se [&hellip;]<\/p>\n","protected":false},"author":1,"featured_media":499,"comment_status":"closed","ping_status":"closed","template":"","meta":{"_acf_changed":false,"_et_pb_use_builder":"on","_et_pb_old_content":"","_et_gb_content_width":"","inline_featured_image":false,"footnotes":""},"project_category":[16],"project_tag":[],"class_list":["post-600","project","type-project","status-publish","has-post-thumbnail","hentry","project_category-arquitectura-es"],"acf":[],"yoast_head":"<!-- This site is optimized with the Yoast SEO plugin v27.5 - https:\/\/yoast.com\/product\/yoast-seo-wordpress\/ -->\n<title>Edificio Sostenible - Balca Arquitectos<\/title>\n<meta name=\"description\" content=\"Descubre los beneficios de un edificio sostenible. Contribuye al medio ambiente. Conoce los proyectos inmobiliarios de Balca.\" \/>\n<meta name=\"robots\" content=\"index, follow, max-snippet:-1, max-image-preview:large, max-video-preview:-1\" \/>\n<link rel=\"canonical\" href=\"https:\/\/www.balcaarquitectes.com\/es\/project\/edificio-joven-foro-de-sant-esteve-sesrovires\/\" \/>\n<meta property=\"og:locale\" content=\"es_ES\" \/>\n<meta property=\"og:type\" content=\"article\" \/>\n<meta property=\"og:title\" content=\"Edificio Sostenible - Balca Arquitectos\" \/>\n<meta property=\"og:description\" content=\"Descubre los beneficios de un edificio sostenible. Contribuye al medio ambiente. Conoce los proyectos inmobiliarios de Balca.\" \/>\n<meta property=\"og:url\" content=\"https:\/\/www.balcaarquitectes.com\/es\/project\/edificio-joven-foro-de-sant-esteve-sesrovires\/\" \/>\n<meta property=\"og:site_name\" content=\"BALCA Arquitectes\" \/>\n<meta property=\"article:modified_time\" content=\"2024-07-25T11:42:53+00:00\" \/>\n<meta property=\"og:image\" content=\"https:\/\/www.balcaarquitectes.com\/wp-content\/uploads\/2023\/06\/Vista_EXTERIOR_presentacio-scaled.jpg\" \/>\n\t<meta property=\"og:image:width\" content=\"2560\" \/>\n\t<meta property=\"og:image:height\" content=\"1156\" \/>\n\t<meta property=\"og:image:type\" content=\"image\/jpeg\" \/>\n<meta name=\"twitter:card\" content=\"summary_large_image\" \/>\n<meta name=\"twitter:label1\" content=\"Tiempo de lectura\" \/>\n\t<meta name=\"twitter:data1\" content=\"5 minutos\" \/>\n<script type=\"application\/ld+json\" class=\"yoast-schema-graph\">{\"@context\":\"https:\\\/\\\/schema.org\",\"@graph\":[{\"@type\":\"WebPage\",\"@id\":\"https:\\\/\\\/www.balcaarquitectes.com\\\/es\\\/project\\\/edificio-joven-foro-de-sant-esteve-sesrovires\\\/\",\"url\":\"https:\\\/\\\/www.balcaarquitectes.com\\\/es\\\/project\\\/edificio-joven-foro-de-sant-esteve-sesrovires\\\/\",\"name\":\"Edificio Sostenible - Balca Arquitectos\",\"isPartOf\":{\"@id\":\"https:\\\/\\\/www.balcaarquitectes.com\\\/#website\"},\"primaryImageOfPage\":{\"@id\":\"https:\\\/\\\/www.balcaarquitectes.com\\\/es\\\/project\\\/edificio-joven-foro-de-sant-esteve-sesrovires\\\/#primaryimage\"},\"image\":{\"@id\":\"https:\\\/\\\/www.balcaarquitectes.com\\\/es\\\/project\\\/edificio-joven-foro-de-sant-esteve-sesrovires\\\/#primaryimage\"},\"thumbnailUrl\":\"https:\\\/\\\/www.balcaarquitectes.com\\\/wp-content\\\/uploads\\\/2023\\\/06\\\/Vista_EXTERIOR_presentacio-scaled.jpg\",\"datePublished\":\"2023-07-05T14:41:45+00:00\",\"dateModified\":\"2024-07-25T11:42:53+00:00\",\"description\":\"Descubre los beneficios de un edificio sostenible. Contribuye al medio ambiente. Conoce los proyectos inmobiliarios de Balca.\",\"breadcrumb\":{\"@id\":\"https:\\\/\\\/www.balcaarquitectes.com\\\/es\\\/project\\\/edificio-joven-foro-de-sant-esteve-sesrovires\\\/#breadcrumb\"},\"inLanguage\":\"es\",\"potentialAction\":[{\"@type\":\"ReadAction\",\"target\":[\"https:\\\/\\\/www.balcaarquitectes.com\\\/es\\\/project\\\/edificio-joven-foro-de-sant-esteve-sesrovires\\\/\"]}]},{\"@type\":\"ImageObject\",\"inLanguage\":\"es\",\"@id\":\"https:\\\/\\\/www.balcaarquitectes.com\\\/es\\\/project\\\/edificio-joven-foro-de-sant-esteve-sesrovires\\\/#primaryimage\",\"url\":\"https:\\\/\\\/www.balcaarquitectes.com\\\/wp-content\\\/uploads\\\/2023\\\/06\\\/Vista_EXTERIOR_presentacio-scaled.jpg\",\"contentUrl\":\"https:\\\/\\\/www.balcaarquitectes.com\\\/wp-content\\\/uploads\\\/2023\\\/06\\\/Vista_EXTERIOR_presentacio-scaled.jpg\",\"width\":2560,\"height\":1156,\"caption\":\"edifici sostenible\"},{\"@type\":\"BreadcrumbList\",\"@id\":\"https:\\\/\\\/www.balcaarquitectes.com\\\/es\\\/project\\\/edificio-joven-foro-de-sant-esteve-sesrovires\\\/#breadcrumb\",\"itemListElement\":[{\"@type\":\"ListItem\",\"position\":1,\"name\":\"Home\",\"item\":\"https:\\\/\\\/www.balcaarquitectes.com\\\/es\\\/proyectos\\\/\"},{\"@type\":\"ListItem\",\"position\":2,\"name\":\"Projects\",\"item\":\"https:\\\/\\\/www.balcaarquitectes.com\\\/project\\\/\"},{\"@type\":\"ListItem\",\"position\":3,\"name\":\"Joven F\u00f3rum epiCENTREverd\"}]},{\"@type\":\"WebSite\",\"@id\":\"https:\\\/\\\/www.balcaarquitectes.com\\\/#website\",\"url\":\"https:\\\/\\\/www.balcaarquitectes.com\\\/\",\"name\":\"BALCA Arqutectes\",\"description\":\"BALCA Arqutectes\",\"publisher\":{\"@id\":\"https:\\\/\\\/www.balcaarquitectes.com\\\/#organization\"},\"potentialAction\":[{\"@type\":\"SearchAction\",\"target\":{\"@type\":\"EntryPoint\",\"urlTemplate\":\"https:\\\/\\\/www.balcaarquitectes.com\\\/?s={search_term_string}\"},\"query-input\":{\"@type\":\"PropertyValueSpecification\",\"valueRequired\":true,\"valueName\":\"search_term_string\"}}],\"inLanguage\":\"es\"},{\"@type\":\"Organization\",\"@id\":\"https:\\\/\\\/www.balcaarquitectes.com\\\/#organization\",\"name\":\"BALCA Arqutectes\",\"url\":\"https:\\\/\\\/www.balcaarquitectes.com\\\/\",\"logo\":{\"@type\":\"ImageObject\",\"inLanguage\":\"es\",\"@id\":\"https:\\\/\\\/www.balcaarquitectes.com\\\/#\\\/schema\\\/logo\\\/image\\\/\",\"url\":\"https:\\\/\\\/www.balcaarquitectes.com\\\/wp-content\\\/uploads\\\/2023\\\/06\\\/logo-balca.svg\",\"contentUrl\":\"https:\\\/\\\/www.balcaarquitectes.com\\\/wp-content\\\/uploads\\\/2023\\\/06\\\/logo-balca.svg\",\"width\":184,\"height\":45,\"caption\":\"BALCA Arqutectes\"},\"image\":{\"@id\":\"https:\\\/\\\/www.balcaarquitectes.com\\\/#\\\/schema\\\/logo\\\/image\\\/\"},\"sameAs\":[\"https:\\\/\\\/www.instagram.com\\\/balcaarquitectes\\\/\"]}]}<\/script>\n<!-- \/ Yoast SEO plugin. -->","yoast_head_json":{"title":"Edificio Sostenible - Balca Arquitectos","description":"Descubre los beneficios de un edificio sostenible. Contribuye al medio ambiente. Conoce los proyectos inmobiliarios de Balca.","robots":{"index":"index","follow":"follow","max-snippet":"max-snippet:-1","max-image-preview":"max-image-preview:large","max-video-preview":"max-video-preview:-1"},"canonical":"https:\/\/www.balcaarquitectes.com\/es\/project\/edificio-joven-foro-de-sant-esteve-sesrovires\/","og_locale":"es_ES","og_type":"article","og_title":"Edificio Sostenible - Balca Arquitectos","og_description":"Descubre los beneficios de un edificio sostenible. Contribuye al medio ambiente. Conoce los proyectos inmobiliarios de Balca.","og_url":"https:\/\/www.balcaarquitectes.com\/es\/project\/edificio-joven-foro-de-sant-esteve-sesrovires\/","og_site_name":"BALCA Arquitectes","article_modified_time":"2024-07-25T11:42:53+00:00","og_image":[{"width":2560,"height":1156,"url":"https:\/\/www.balcaarquitectes.com\/wp-content\/uploads\/2023\/06\/Vista_EXTERIOR_presentacio-scaled.jpg","type":"image\/jpeg"}],"twitter_card":"summary_large_image","twitter_misc":{"Tiempo de lectura":"5 minutos"},"schema":{"@context":"https:\/\/schema.org","@graph":[{"@type":"WebPage","@id":"https:\/\/www.balcaarquitectes.com\/es\/project\/edificio-joven-foro-de-sant-esteve-sesrovires\/","url":"https:\/\/www.balcaarquitectes.com\/es\/project\/edificio-joven-foro-de-sant-esteve-sesrovires\/","name":"Edificio Sostenible - Balca Arquitectos","isPartOf":{"@id":"https:\/\/www.balcaarquitectes.com\/#website"},"primaryImageOfPage":{"@id":"https:\/\/www.balcaarquitectes.com\/es\/project\/edificio-joven-foro-de-sant-esteve-sesrovires\/#primaryimage"},"image":{"@id":"https:\/\/www.balcaarquitectes.com\/es\/project\/edificio-joven-foro-de-sant-esteve-sesrovires\/#primaryimage"},"thumbnailUrl":"https:\/\/www.balcaarquitectes.com\/wp-content\/uploads\/2023\/06\/Vista_EXTERIOR_presentacio-scaled.jpg","datePublished":"2023-07-05T14:41:45+00:00","dateModified":"2024-07-25T11:42:53+00:00","description":"Descubre los beneficios de un edificio sostenible. Contribuye al medio ambiente. Conoce los proyectos inmobiliarios de Balca.","breadcrumb":{"@id":"https:\/\/www.balcaarquitectes.com\/es\/project\/edificio-joven-foro-de-sant-esteve-sesrovires\/#breadcrumb"},"inLanguage":"es","potentialAction":[{"@type":"ReadAction","target":["https:\/\/www.balcaarquitectes.com\/es\/project\/edificio-joven-foro-de-sant-esteve-sesrovires\/"]}]},{"@type":"ImageObject","inLanguage":"es","@id":"https:\/\/www.balcaarquitectes.com\/es\/project\/edificio-joven-foro-de-sant-esteve-sesrovires\/#primaryimage","url":"https:\/\/www.balcaarquitectes.com\/wp-content\/uploads\/2023\/06\/Vista_EXTERIOR_presentacio-scaled.jpg","contentUrl":"https:\/\/www.balcaarquitectes.com\/wp-content\/uploads\/2023\/06\/Vista_EXTERIOR_presentacio-scaled.jpg","width":2560,"height":1156,"caption":"edifici sostenible"},{"@type":"BreadcrumbList","@id":"https:\/\/www.balcaarquitectes.com\/es\/project\/edificio-joven-foro-de-sant-esteve-sesrovires\/#breadcrumb","itemListElement":[{"@type":"ListItem","position":1,"name":"Home","item":"https:\/\/www.balcaarquitectes.com\/es\/proyectos\/"},{"@type":"ListItem","position":2,"name":"Projects","item":"https:\/\/www.balcaarquitectes.com\/project\/"},{"@type":"ListItem","position":3,"name":"Joven F\u00f3rum epiCENTREverd"}]},{"@type":"WebSite","@id":"https:\/\/www.balcaarquitectes.com\/#website","url":"https:\/\/www.balcaarquitectes.com\/","name":"BALCA Arqutectes","description":"BALCA Arqutectes","publisher":{"@id":"https:\/\/www.balcaarquitectes.com\/#organization"},"potentialAction":[{"@type":"SearchAction","target":{"@type":"EntryPoint","urlTemplate":"https:\/\/www.balcaarquitectes.com\/?s={search_term_string}"},"query-input":{"@type":"PropertyValueSpecification","valueRequired":true,"valueName":"search_term_string"}}],"inLanguage":"es"},{"@type":"Organization","@id":"https:\/\/www.balcaarquitectes.com\/#organization","name":"BALCA Arqutectes","url":"https:\/\/www.balcaarquitectes.com\/","logo":{"@type":"ImageObject","inLanguage":"es","@id":"https:\/\/www.balcaarquitectes.com\/#\/schema\/logo\/image\/","url":"https:\/\/www.balcaarquitectes.com\/wp-content\/uploads\/2023\/06\/logo-balca.svg","contentUrl":"https:\/\/www.balcaarquitectes.com\/wp-content\/uploads\/2023\/06\/logo-balca.svg","width":184,"height":45,"caption":"BALCA Arqutectes"},"image":{"@id":"https:\/\/www.balcaarquitectes.com\/#\/schema\/logo\/image\/"},"sameAs":["https:\/\/www.instagram.com\/balcaarquitectes\/"]}]}},"_links":{"self":[{"href":"https:\/\/www.balcaarquitectes.com\/es\/wp-json\/wp\/v2\/project\/600","targetHints":{"allow":["GET"]}}],"collection":[{"href":"https:\/\/www.balcaarquitectes.com\/es\/wp-json\/wp\/v2\/project"}],"about":[{"href":"https:\/\/www.balcaarquitectes.com\/es\/wp-json\/wp\/v2\/types\/project"}],"author":[{"embeddable":true,"href":"https:\/\/www.balcaarquitectes.com\/es\/wp-json\/wp\/v2\/users\/1"}],"replies":[{"embeddable":true,"href":"https:\/\/www.balcaarquitectes.com\/es\/wp-json\/wp\/v2\/comments?post=600"}],"version-history":[{"count":12,"href":"https:\/\/www.balcaarquitectes.com\/es\/wp-json\/wp\/v2\/project\/600\/revisions"}],"predecessor-version":[{"id":1518,"href":"https:\/\/www.balcaarquitectes.com\/es\/wp-json\/wp\/v2\/project\/600\/revisions\/1518"}],"wp:featuredmedia":[{"embeddable":true,"href":"https:\/\/www.balcaarquitectes.com\/es\/wp-json\/wp\/v2\/media\/499"}],"wp:attachment":[{"href":"https:\/\/www.balcaarquitectes.com\/es\/wp-json\/wp\/v2\/media?parent=600"}],"wp:term":[{"taxonomy":"project_category","embeddable":true,"href":"https:\/\/www.balcaarquitectes.com\/es\/wp-json\/wp\/v2\/project_category?post=600"},{"taxonomy":"project_tag","embeddable":true,"href":"https:\/\/www.balcaarquitectes.com\/es\/wp-json\/wp\/v2\/project_tag?post=600"}],"curies":[{"name":"wp","href":"https:\/\/api.w.org\/{rel}","templated":true}]}}