{"id":1273,"date":"2024-07-05T10:54:40","date_gmt":"2024-07-05T08:54:40","guid":{"rendered":"https:\/\/www.balcaarquitectes.com\/project\/41-viviendas-locales-comerciales-y-aparcamiento\/"},"modified":"2025-05-16T14:37:12","modified_gmt":"2025-05-16T12:37:12","slug":"41-viviendas-locales-comerciales-y-aparcamiento","status":"publish","type":"project","link":"https:\/\/www.balcaarquitectes.com\/es\/project\/41-viviendas-locales-comerciales-y-aparcamiento\/","title":{"rendered":"41 viviendas, locales comerciales y aparcamiento"},"content":{"rendered":"<p>[et_pb_section fb_built=\u00bb1&#8243; admin_label=\u00bb1Section\u00bb _builder_version=\u00bb4.23.4&#8243; custom_margin=\u00bb100px||100px||true|false\u00bb custom_padding=\u00bb80px||80px||true|false\u00bb global_colors_info=\u00bb{}\u00bb][et_pb_row make_equal=\u00bbon\u00bb _builder_version=\u00bb4.23.4&#8243; background_size=\u00bbinitial\u00bb background_position=\u00bbtop_left\u00bb background_repeat=\u00bbrepeat\u00bb width=\u00bb900px\u00bb width_tablet=\u00bb900px\u00bb width_phone=\u00bb100%\u00bb width_last_edited=\u00bbon|phone\u00bb max_width=\u00bb900px\u00bb max_width_tablet=\u00bb900px\u00bb max_width_phone=\u00bb100%\u00bb max_width_last_edited=\u00bbon|phone\u00bb module_alignment=\u00bbcenter\u00bb height=\u00bb900px\u00bb height_tablet=\u00bb900px\u00bb height_phone=\u00bb900px\u00bb height_last_edited=\u00bbon|phone\u00bb max_height=\u00bb900px\u00bb global_colors_info=\u00bb{}\u00bb][et_pb_column type=\u00bb4_4&#8243; _builder_version=\u00bb4.23.4&#8243; _module_preset=\u00bbdefault\u00bb custom_css_main_element=\u00bbdisplay:flex;||flex-wrap:wrap;||align-content:center !important;\u00bb global_colors_info=\u00bb{}\u00bb][et_pb_image src=\u00bbhttps:\/\/www.balcaarquitectes.com\/wp-content\/uploads\/2023\/06\/AGP1686_6764-web.jpg\u00bb alt=\u00bburbanizaci\u00f3n exterior\u00bb title_text=\u00bbAGP1686_6764-web\u00bb align=\u00bbcenter\u00bb _builder_version=\u00bb4.23.4&#8243; _module_preset=\u00bbdefault\u00bb position_origin_a=\u00bbtop_center\u00bb position_origin_f=\u00bbcenter_center\u00bb width=\u00bb100%\u00bb max_width=\u00bb100%\u00bb module_alignment=\u00bbcenter\u00bb max_height=\u00bb900px\u00bb max_height_tablet=\u00bb900px\u00bb max_height_phone=\u00bb900px\u00bb max_height_last_edited=\u00bbon|phone\u00bb global_colors_info=\u00bb{}\u00bb][\/et_pb_image][\/et_pb_column][\/et_pb_row][\/et_pb_section][et_pb_section fb_built=\u00bb1&#8243; specialty=\u00bbon\u00bb padding_right_1=\u00bb30px\u00bb padding_left_2=\u00bb30px\u00bb padding_top_bottom_link_1=\u00bbfalse\u00bb padding_top_bottom_link_2=\u00bbfalse\u00bb padding_left_right_link_1=\u00bbfalse\u00bb padding_left_right_link_2=\u00bbfalse\u00bb padding_1_tablet=\u00bb\u00bb padding_2_tablet=\u00bb\u00bb padding_1_phone=\u00bb|0px|||false|false\u00bb padding_2_phone=\u00bb|||0px|false|false\u00bb padding_1_last_edited=\u00bbon|phone\u00bb padding_2_last_edited=\u00bbon|phone\u00bb module_class_2=\u00bbalign-center\u00bb admin_label=\u00bb4A Franja 3 Imatges ESQ\u00bb module_class=\u00bblayout-three\u00bb _builder_version=\u00bb4.23.4&#8243; _module_preset=\u00bbdefault\u00bb global_colors_info=\u00bb{}\u00bb][et_pb_column type=\u00bb1_2&#8243; specialty_columns=\u00bb2&#8243; _builder_version=\u00bb4.16&#8243; custom_padding=\u00bb|||\u00bb global_colors_info=\u00bb{}\u00bb custom_padding__hover=\u00bb|||\u00bb][et_pb_row_inner _builder_version=\u00bb4.23.4&#8243; _module_preset=\u00bbdefault\u00bb height=\u00bb700px\u00bb height_tablet=\u00bb700px\u00bb height_phone=\u00bb700px\u00bb height_last_edited=\u00bbon|phone\u00bb max_height=\u00bb700px\u00bb max_height_tablet=\u00bb700px\u00bb max_height_phone=\u00bb700px\u00bb max_height_last_edited=\u00bbon|phone\u00bb custom_css_main_element=\u00bbdisplay:flex;||flex-wrap:wrap;||align-content: center !important;\u00bb global_colors_info=\u00bb{}\u00bb][et_pb_column_inner saved_specialty_column_type=\u00bb1_2&#8243; _builder_version=\u00bb4.23.4&#8243; _module_preset=\u00bbdefault\u00bb global_colors_info=\u00bb{}\u00bb][et_pb_image src=\u00bbhttps:\/\/www.balcaarquitectes.com\/wp-content\/uploads\/2023\/06\/AGP1686_6671-web.jpg\u00bb alt=\u00bburbanizaci\u00f3n exterior\u00bb title_text=\u00bbAGP1686_6671-web\u00bb align=\u00bbcenter\u00bb _builder_version=\u00bb4.23.4&#8243; _module_preset=\u00bbdefault\u00bb position_origin_a=\u00bbtop_center\u00bb position_origin_f=\u00bbcenter_center\u00bb width=\u00bb100%\u00bb max_width=\u00bb100%\u00bb module_alignment=\u00bbcenter\u00bb max_height=\u00bb700px\u00bb locked=\u00bboff\u00bb global_colors_info=\u00bb{}\u00bb][\/et_pb_image][\/et_pb_column_inner][\/et_pb_row_inner][et_pb_row_inner _builder_version=\u00bb4.23.4&#8243; _module_preset=\u00bbdefault\u00bb height=\u00bb700px\u00bb height_tablet=\u00bb700px\u00bb height_phone=\u00bb700px\u00bb height_last_edited=\u00bbon|phone\u00bb max_height=\u00bb700px\u00bb max_height_tablet=\u00bb700px\u00bb max_height_phone=\u00bb700px\u00bb max_height_last_edited=\u00bbon|phone\u00bb custom_css_main_element=\u00bbdisplay:flex;||flex-wrap:wrap;||align-content: center !important;\u00bb global_colors_info=\u00bb{}\u00bb][et_pb_column_inner saved_specialty_column_type=\u00bb1_2&#8243; _builder_version=\u00bb4.23.4&#8243; _module_preset=\u00bbdefault\u00bb global_colors_info=\u00bb{}\u00bb][et_pb_image src=\u00bbhttps:\/\/www.balcaarquitectes.com\/wp-content\/uploads\/2023\/06\/AGP1686_6792-Pano-web.jpg\u00bb alt=\u00bbnueva construcci\u00f3n\u00bb title_text=\u00bbAGP1686_6792-Pano-web\u00bb align=\u00bbcenter\u00bb _builder_version=\u00bb4.23.4&#8243; _module_preset=\u00bbdefault\u00bb position_origin_a=\u00bbtop_center\u00bb position_origin_f=\u00bbcenter_center\u00bb width=\u00bb100%\u00bb max_width=\u00bb100%\u00bb module_alignment=\u00bbcenter\u00bb locked=\u00bboff\u00bb global_colors_info=\u00bb{}\u00bb][\/et_pb_image][\/et_pb_column_inner][\/et_pb_row_inner][\/et_pb_column][et_pb_column type=\u00bb1_2&#8243; _builder_version=\u00bb4.16&#8243; custom_padding=\u00bb|||\u00bb global_colors_info=\u00bb{}\u00bb custom_padding__hover=\u00bb|||\u00bb][et_pb_image src=\u00bbhttps:\/\/www.balcaarquitectes.com\/wp-content\/uploads\/2023\/06\/AGP1686_6682-web.jpg\u00bb alt=\u00bburbanizaci\u00f3n exterior\u00bb title_text=\u00bbAGP1686_6682-web\u00bb align=\u00bbcenter\u00bb _builder_version=\u00bb4.23.4&#8243; _module_preset=\u00bbdefault\u00bb position_origin_a=\u00bbtop_center\u00bb position_origin_f=\u00bbcenter_center\u00bb width=\u00bb100%\u00bb max_width=\u00bb100%\u00bb module_alignment=\u00bbcenter\u00bb max_height=\u00bb700px\u00bb locked=\u00bboff\u00bb global_colors_info=\u00bb{}\u00bb][\/et_pb_image][\/et_pb_column][\/et_pb_section][et_pb_section fb_built=\u00bb1&#8243; admin_label=\u00bbINFO PROJECTE\u00bb _builder_version=\u00bb4.23.4&#8243; custom_padding=\u00bb60px||60px||true|false\u00bb locked=\u00bboff\u00bb collapsed=\u00bbon\u00bb global_colors_info=\u00bb{}\u00bb][et_pb_row _builder_version=\u00bb4.23.4&#8243; background_size=\u00bbinitial\u00bb background_position=\u00bbtop_left\u00bb background_repeat=\u00bbrepeat\u00bb width=\u00bb60%\u00bb width_tablet=\u00bb60%\u00bb width_phone=\u00bb80%\u00bb width_last_edited=\u00bbon|phone\u00bb module_alignment=\u00bbcenter\u00bb global_colors_info=\u00bb{}\u00bb][et_pb_column type=\u00bb4_4&#8243; _builder_version=\u00bb4.16&#8243; custom_padding=\u00bb|||\u00bb global_colors_info=\u00bb{}\u00bb custom_padding__hover=\u00bb|||\u00bb][et_pb_post_title meta=\u00bboff\u00bb featured_image=\u00bboff\u00bb _builder_version=\u00bb4.23.4&#8243; _module_preset=\u00bbdefault\u00bb title_font=\u00bb|300||on|||||\u00bb title_text_align=\u00bbcenter\u00bb title_font_size=\u00bb22px\u00bb global_colors_info=\u00bb{}\u00bb][\/et_pb_post_title][et_pb_text _builder_version=\u00bb4.23.4&#8243; text_font=\u00bb||||||||\u00bb text_text_color=\u00bb#000000&#8243; text_font_size=\u00bb16px\u00bb text_line_height=\u00bb1.4em\u00bb background_size=\u00bbinitial\u00bb background_position=\u00bbtop_left\u00bb background_repeat=\u00bbrepeat\u00bb text_orientation=\u00bbcenter\u00bb custom_margin=\u00bb||100px||false|false\u00bb global_colors_info=\u00bb{}\u00bb]<\/p>\n<p>Se trata del proyecto de nueva construcci\u00f3n de un edificio plurifamiliar con 41 viviendas, dos locales comerciales y aparcamiento subterr\u00e1neo.<br \/>Se proyecta un edificio alineado a vial, entre medianeras, formado por dos vol\u00famenes diferenciados de diferentes alturas.<br \/>La cubierta del edificio est\u00e1 resuelta con cubierta inclinada a dos aguas.<br \/>El aparcamiento se sit\u00faa en planta subterr\u00e1nea, ocupando toda la superficie de la parcela y con acceso rodado desde la carretera de Barcelona. El aparcamiento dispone de 52 plazas.<\/p>\n<p>&nbsp;<\/p>\n<p>VIVIENDAS CON ESPACIOS EXTERIORES DE CALIDAD<\/p>\n<p>El interior de la parcela se destina a patio de uso exclusivo de las viviendas de planta baja.<br \/>Para la distribuci\u00f3n de las viviendas se han tenido en cuenta las particularidades del solar, la normativa urban\u00edstica y la orientaci\u00f3n de los espacios libres exteriores. El aprovechamiento del espacio bajo cubierta permite la ampliaci\u00f3n de las viviendas de la \u00faltima planta, y perforando el plano de cubierta se crean unas terrazas de uso privado para la vivienda.<\/p>\n<p>[\/et_pb_text][et_pb_text _builder_version=\u00bb4.23.4&#8243; text_font=\u00bb||||||||\u00bb text_text_color=\u00bb#000000&#8243; text_font_size=\u00bb16px\u00bb text_line_height=\u00bb1.4em\u00bb background_size=\u00bbinitial\u00bb background_position=\u00bbtop_left\u00bb background_repeat=\u00bbrepeat\u00bb text_orientation=\u00bbcenter\u00bb global_colors_info=\u00bb{}\u00bb]<\/p>\n<p>COLABORADORES<br \/>Estructuras: Nolac Ingenieros SA<br \/>Instalaciones: PGI ENGINEERING<\/p>\n<p>FOTOGRAF\u00cdA<br \/>Adri\u00e0 Goula<\/p>\n<p>LOCALIZACI\u00d3N<br \/>Carretera de Barcelona 159-163 y calle de Pere Sanfeliu 26-32 Barber\u00e0 del Vall\u00e8s, Vall\u00e8s Occidental. Barcelona. Barcelona.<\/p>\n<p>FECHAS<br \/>Septiembre 2022 Final de obra<\/p>\n<p>[\/et_pb_text][\/et_pb_column][\/et_pb_row][\/et_pb_section]<\/p>\n","protected":false},"excerpt":{"rendered":"<p>Se trata del proyecto de nueva construcci\u00f3n de un edificio plurifamiliar con 41 viviendas, dos locales comerciales y aparcamiento subterr\u00e1neo.Se proyecta un edificio alineado a vial, entre medianeras, formado por dos vol\u00famenes diferenciados de diferentes alturas.La cubierta del edificio est\u00e1 resuelta con cubierta inclinada a dos aguas.El aparcamiento se sit\u00faa en planta subterr\u00e1nea, ocupando toda [&hellip;]<\/p>\n","protected":false},"author":1,"featured_media":0,"comment_status":"closed","ping_status":"closed","template":"","meta":{"_acf_changed":false,"_et_pb_use_builder":"on","_et_pb_old_content":"","_et_gb_content_width":"","inline_featured_image":false,"footnotes":""},"project_category":[],"project_tag":[],"class_list":["post-1273","project","type-project","status-publish","hentry"],"acf":[],"yoast_head":"<!-- This site is optimized with the Yoast SEO plugin v27.5 - https:\/\/yoast.com\/product\/yoast-seo-wordpress\/ -->\n<title>Edificio Plurifamiliar: Viviendas, Comercios y Aparcamiento - BALCA Arquitectes<\/title>\n<meta name=\"description\" content=\"Descubre el innovador proyecto de un edificio plurifamiliar con viviendas, locales comerciales y aparcamiento, ofreciendo espacios de calidad y funcionalidad urbana en una ubicaci\u00f3n privilegiada.\" \/>\n<meta name=\"robots\" content=\"index, follow, max-snippet:-1, max-image-preview:large, max-video-preview:-1\" \/>\n<link rel=\"canonical\" href=\"https:\/\/www.balcaarquitectes.com\/es\/project\/41-viviendas-locales-comerciales-y-aparcamiento\/\" \/>\n<meta property=\"og:locale\" content=\"es_ES\" \/>\n<meta property=\"og:type\" content=\"article\" \/>\n<meta property=\"og:title\" content=\"Edificio Plurifamiliar: Viviendas, Comercios y Aparcamiento - BALCA Arquitectes\" \/>\n<meta property=\"og:description\" content=\"Descubre el innovador proyecto de un edificio plurifamiliar con viviendas, locales comerciales y aparcamiento, ofreciendo espacios de calidad y funcionalidad urbana en una ubicaci\u00f3n privilegiada.\" \/>\n<meta property=\"og:url\" content=\"https:\/\/www.balcaarquitectes.com\/es\/project\/41-viviendas-locales-comerciales-y-aparcamiento\/\" \/>\n<meta property=\"og:site_name\" content=\"BALCA Arquitectes\" \/>\n<meta property=\"article:modified_time\" content=\"2025-05-16T12:37:12+00:00\" \/>\n<meta name=\"twitter:card\" content=\"summary_large_image\" \/>\n<meta name=\"twitter:label1\" content=\"Tiempo de lectura\" \/>\n\t<meta name=\"twitter:data1\" content=\"5 minutos\" \/>\n<script type=\"application\/ld+json\" class=\"yoast-schema-graph\">{\"@context\":\"https:\\\/\\\/schema.org\",\"@graph\":[{\"@type\":\"WebPage\",\"@id\":\"https:\\\/\\\/www.balcaarquitectes.com\\\/es\\\/project\\\/41-viviendas-locales-comerciales-y-aparcamiento\\\/\",\"url\":\"https:\\\/\\\/www.balcaarquitectes.com\\\/es\\\/project\\\/41-viviendas-locales-comerciales-y-aparcamiento\\\/\",\"name\":\"Edificio Plurifamiliar: Viviendas, Comercios y Aparcamiento - BALCA Arquitectes\",\"isPartOf\":{\"@id\":\"https:\\\/\\\/www.balcaarquitectes.com\\\/#website\"},\"datePublished\":\"2024-07-05T08:54:40+00:00\",\"dateModified\":\"2025-05-16T12:37:12+00:00\",\"description\":\"Descubre el innovador proyecto de un edificio plurifamiliar con viviendas, locales comerciales y aparcamiento, ofreciendo espacios de calidad y funcionalidad urbana en una ubicaci\u00f3n privilegiada.\",\"breadcrumb\":{\"@id\":\"https:\\\/\\\/www.balcaarquitectes.com\\\/es\\\/project\\\/41-viviendas-locales-comerciales-y-aparcamiento\\\/#breadcrumb\"},\"inLanguage\":\"es\",\"potentialAction\":[{\"@type\":\"ReadAction\",\"target\":[\"https:\\\/\\\/www.balcaarquitectes.com\\\/es\\\/project\\\/41-viviendas-locales-comerciales-y-aparcamiento\\\/\"]}]},{\"@type\":\"BreadcrumbList\",\"@id\":\"https:\\\/\\\/www.balcaarquitectes.com\\\/es\\\/project\\\/41-viviendas-locales-comerciales-y-aparcamiento\\\/#breadcrumb\",\"itemListElement\":[{\"@type\":\"ListItem\",\"position\":1,\"name\":\"Home\",\"item\":\"https:\\\/\\\/www.balcaarquitectes.com\\\/es\\\/proyectos\\\/\"},{\"@type\":\"ListItem\",\"position\":2,\"name\":\"Projects\",\"item\":\"https:\\\/\\\/www.balcaarquitectes.com\\\/project\\\/\"},{\"@type\":\"ListItem\",\"position\":3,\"name\":\"41 viviendas, locales comerciales y aparcamiento\"}]},{\"@type\":\"WebSite\",\"@id\":\"https:\\\/\\\/www.balcaarquitectes.com\\\/#website\",\"url\":\"https:\\\/\\\/www.balcaarquitectes.com\\\/\",\"name\":\"BALCA Arqutectes\",\"description\":\"BALCA Arqutectes\",\"publisher\":{\"@id\":\"https:\\\/\\\/www.balcaarquitectes.com\\\/#organization\"},\"potentialAction\":[{\"@type\":\"SearchAction\",\"target\":{\"@type\":\"EntryPoint\",\"urlTemplate\":\"https:\\\/\\\/www.balcaarquitectes.com\\\/?s={search_term_string}\"},\"query-input\":{\"@type\":\"PropertyValueSpecification\",\"valueRequired\":true,\"valueName\":\"search_term_string\"}}],\"inLanguage\":\"es\"},{\"@type\":\"Organization\",\"@id\":\"https:\\\/\\\/www.balcaarquitectes.com\\\/#organization\",\"name\":\"BALCA Arqutectes\",\"url\":\"https:\\\/\\\/www.balcaarquitectes.com\\\/\",\"logo\":{\"@type\":\"ImageObject\",\"inLanguage\":\"es\",\"@id\":\"https:\\\/\\\/www.balcaarquitectes.com\\\/#\\\/schema\\\/logo\\\/image\\\/\",\"url\":\"https:\\\/\\\/www.balcaarquitectes.com\\\/wp-content\\\/uploads\\\/2023\\\/06\\\/logo-balca.svg\",\"contentUrl\":\"https:\\\/\\\/www.balcaarquitectes.com\\\/wp-content\\\/uploads\\\/2023\\\/06\\\/logo-balca.svg\",\"width\":184,\"height\":45,\"caption\":\"BALCA Arqutectes\"},\"image\":{\"@id\":\"https:\\\/\\\/www.balcaarquitectes.com\\\/#\\\/schema\\\/logo\\\/image\\\/\"},\"sameAs\":[\"https:\\\/\\\/www.instagram.com\\\/balcaarquitectes\\\/\"]}]}<\/script>\n<!-- \/ Yoast SEO plugin. -->","yoast_head_json":{"title":"Edificio Plurifamiliar: Viviendas, Comercios y Aparcamiento - BALCA Arquitectes","description":"Descubre el innovador proyecto de un edificio plurifamiliar con viviendas, locales comerciales y aparcamiento, ofreciendo espacios de calidad y funcionalidad urbana en una ubicaci\u00f3n privilegiada.","robots":{"index":"index","follow":"follow","max-snippet":"max-snippet:-1","max-image-preview":"max-image-preview:large","max-video-preview":"max-video-preview:-1"},"canonical":"https:\/\/www.balcaarquitectes.com\/es\/project\/41-viviendas-locales-comerciales-y-aparcamiento\/","og_locale":"es_ES","og_type":"article","og_title":"Edificio Plurifamiliar: Viviendas, Comercios y Aparcamiento - BALCA Arquitectes","og_description":"Descubre el innovador proyecto de un edificio plurifamiliar con viviendas, locales comerciales y aparcamiento, ofreciendo espacios de calidad y funcionalidad urbana en una ubicaci\u00f3n privilegiada.","og_url":"https:\/\/www.balcaarquitectes.com\/es\/project\/41-viviendas-locales-comerciales-y-aparcamiento\/","og_site_name":"BALCA Arquitectes","article_modified_time":"2025-05-16T12:37:12+00:00","twitter_card":"summary_large_image","twitter_misc":{"Tiempo de lectura":"5 minutos"},"schema":{"@context":"https:\/\/schema.org","@graph":[{"@type":"WebPage","@id":"https:\/\/www.balcaarquitectes.com\/es\/project\/41-viviendas-locales-comerciales-y-aparcamiento\/","url":"https:\/\/www.balcaarquitectes.com\/es\/project\/41-viviendas-locales-comerciales-y-aparcamiento\/","name":"Edificio Plurifamiliar: Viviendas, Comercios y Aparcamiento - BALCA Arquitectes","isPartOf":{"@id":"https:\/\/www.balcaarquitectes.com\/#website"},"datePublished":"2024-07-05T08:54:40+00:00","dateModified":"2025-05-16T12:37:12+00:00","description":"Descubre el innovador proyecto de un edificio plurifamiliar con viviendas, locales comerciales y aparcamiento, ofreciendo espacios de calidad y funcionalidad urbana en una ubicaci\u00f3n privilegiada.","breadcrumb":{"@id":"https:\/\/www.balcaarquitectes.com\/es\/project\/41-viviendas-locales-comerciales-y-aparcamiento\/#breadcrumb"},"inLanguage":"es","potentialAction":[{"@type":"ReadAction","target":["https:\/\/www.balcaarquitectes.com\/es\/project\/41-viviendas-locales-comerciales-y-aparcamiento\/"]}]},{"@type":"BreadcrumbList","@id":"https:\/\/www.balcaarquitectes.com\/es\/project\/41-viviendas-locales-comerciales-y-aparcamiento\/#breadcrumb","itemListElement":[{"@type":"ListItem","position":1,"name":"Home","item":"https:\/\/www.balcaarquitectes.com\/es\/proyectos\/"},{"@type":"ListItem","position":2,"name":"Projects","item":"https:\/\/www.balcaarquitectes.com\/project\/"},{"@type":"ListItem","position":3,"name":"41 viviendas, locales comerciales y aparcamiento"}]},{"@type":"WebSite","@id":"https:\/\/www.balcaarquitectes.com\/#website","url":"https:\/\/www.balcaarquitectes.com\/","name":"BALCA Arqutectes","description":"BALCA Arqutectes","publisher":{"@id":"https:\/\/www.balcaarquitectes.com\/#organization"},"potentialAction":[{"@type":"SearchAction","target":{"@type":"EntryPoint","urlTemplate":"https:\/\/www.balcaarquitectes.com\/?s={search_term_string}"},"query-input":{"@type":"PropertyValueSpecification","valueRequired":true,"valueName":"search_term_string"}}],"inLanguage":"es"},{"@type":"Organization","@id":"https:\/\/www.balcaarquitectes.com\/#organization","name":"BALCA Arqutectes","url":"https:\/\/www.balcaarquitectes.com\/","logo":{"@type":"ImageObject","inLanguage":"es","@id":"https:\/\/www.balcaarquitectes.com\/#\/schema\/logo\/image\/","url":"https:\/\/www.balcaarquitectes.com\/wp-content\/uploads\/2023\/06\/logo-balca.svg","contentUrl":"https:\/\/www.balcaarquitectes.com\/wp-content\/uploads\/2023\/06\/logo-balca.svg","width":184,"height":45,"caption":"BALCA Arqutectes"},"image":{"@id":"https:\/\/www.balcaarquitectes.com\/#\/schema\/logo\/image\/"},"sameAs":["https:\/\/www.instagram.com\/balcaarquitectes\/"]}]}},"_links":{"self":[{"href":"https:\/\/www.balcaarquitectes.com\/es\/wp-json\/wp\/v2\/project\/1273","targetHints":{"allow":["GET"]}}],"collection":[{"href":"https:\/\/www.balcaarquitectes.com\/es\/wp-json\/wp\/v2\/project"}],"about":[{"href":"https:\/\/www.balcaarquitectes.com\/es\/wp-json\/wp\/v2\/types\/project"}],"author":[{"embeddable":true,"href":"https:\/\/www.balcaarquitectes.com\/es\/wp-json\/wp\/v2\/users\/1"}],"replies":[{"embeddable":true,"href":"https:\/\/www.balcaarquitectes.com\/es\/wp-json\/wp\/v2\/comments?post=1273"}],"version-history":[{"count":12,"href":"https:\/\/www.balcaarquitectes.com\/es\/wp-json\/wp\/v2\/project\/1273\/revisions"}],"predecessor-version":[{"id":1879,"href":"https:\/\/www.balcaarquitectes.com\/es\/wp-json\/wp\/v2\/project\/1273\/revisions\/1879"}],"wp:attachment":[{"href":"https:\/\/www.balcaarquitectes.com\/es\/wp-json\/wp\/v2\/media?parent=1273"}],"wp:term":[{"taxonomy":"project_category","embeddable":true,"href":"https:\/\/www.balcaarquitectes.com\/es\/wp-json\/wp\/v2\/project_category?post=1273"},{"taxonomy":"project_tag","embeddable":true,"href":"https:\/\/www.balcaarquitectes.com\/es\/wp-json\/wp\/v2\/project_tag?post=1273"}],"curies":[{"name":"wp","href":"https:\/\/api.w.org\/{rel}","templated":true}]}}